{"id":632,"date":"2023-05-25T15:54:38","date_gmt":"2023-05-25T15:54:38","guid":{"rendered":"https:\/\/verdiprague.wpengine.com\/?page_id=43"},"modified":"2026-04-09T09:35:01","modified_gmt":"2026-04-09T09:35:01","slug":"meet-celebrate","status":"publish","type":"page","link":"https:\/\/verdihotels.com\/gzira\/de\/meet-celebrate\/","title":{"rendered":"Tagen und feiern"},"content":{"rendered":"<div data-elementor-type=\"wp-page\" data-elementor-id=\"632\" class=\"elementor elementor-632\" data-elementor-post-type=\"page\"><div class=\"breadcrumbs\"><span><span><a href=\"https:\/\/verdihotels.com\/gzira\/\">Home<\/a><\/span><\/span><\/div>\n\t\t\t\t\t\t<section class=\"elementor-section elementor-top-section elementor-element elementor-element-40a9f5f elementor-section-height-min-height elementor-section-items-bottom elementor-section-boxed elementor-section-height-default\" data-id=\"40a9f5f\" data-element_type=\"section\" data-e-type=\"section\" data-settings='{\"background_background\":\"classic\"}'>\n\t\t\t\t\t\t<div class=\"elementor-container elementor-column-gap-default\">\n\t\t\t\t\t<div class=\"elementor-column elementor-col-100 elementor-top-column elementor-element elementor-element-7a8be5f\" data-id=\"7a8be5f\" data-element_type=\"column\" data-e-type=\"column\">\n\t\t\t<div class=\"elementor-widget-wrap elementor-element-populated\">\n\t\t\t\t\t\t<div class=\"elementor-element elementor-element-cb449ec elementor-widget elementor-widget-heading\" data-id=\"cb449ec\" data-element_type=\"widget\" data-e-type=\"widget\" data-widget_type=\"heading.default\">\n\t\t\t\t<div class=\"elementor-widget-container\">\n\t\t\t\t\t<h2 class=\"elementor-heading-title elementor-size-default\">Book a Meeting<\/h2>\t\t\t\t<\/div>\n\t\t\t\t<\/div>\n\t\t\t\t<div class=\"elementor-element elementor-element-1f04689 elementor-widget elementor-widget-html\" data-id=\"1f04689\" data-element_type=\"widget\" data-e-type=\"widget\" data-widget_type=\"html.default\">\n\t\t\t\t<div class=\"elementor-widget-container\">\n\t\t\t\t\t<div id=\"mp-booking-engine-iframe-container\" style=\"width: 1100px\"><\/div>\n    <script langcode=\"en\" whitelabel_id=\"724200\" widget_id=\"verdi_hotels\" destination=\"722729\" version=\"frontpage-v4\" src=\"https:\/\/bookingengine-mp.s3.eu-west-2.amazonaws.com\/script.js\"><\/script>\t\t\t\t<\/div>\n\t\t\t\t<\/div>\n\t\t\t\t\t<\/div>\n\t\t<\/div>\n\t\t\t\t\t<\/div>\n\t\t<\/section>\n\t\t\t\t<section class=\"elementor-section elementor-top-section elementor-element elementor-element-ee9865d elementor-section-full_width elementor-section-height-min-height elementor-section-height-default elementor-section-items-middle\" data-id=\"ee9865d\" data-element_type=\"section\" data-e-type=\"section\">\n\t\t\t\t\t\t<div class=\"elementor-container elementor-column-gap-default\">\n\t\t\t\t\t<div class=\"elementor-column elementor-col-50 elementor-top-column elementor-element elementor-element-be324b3\" data-id=\"be324b3\" data-element_type=\"column\" data-e-type=\"column\">\n\t\t\t<div class=\"elementor-widget-wrap elementor-element-populated\">\n\t\t\t\t\t\t<div class=\"elementor-element elementor-element-7c52125 elementor-widget elementor-widget-heading\" data-id=\"7c52125\" data-element_type=\"widget\" data-e-type=\"widget\" data-widget_type=\"heading.default\">\n\t\t\t\t<div class=\"elementor-widget-container\">\n\t\t\t\t\t<h2 class=\"elementor-heading-title elementor-size-default\">KONFERENZEN UND VERANSTALTUNGEN\n<\/h2>\t\t\t\t<\/div>\n\t\t\t\t<\/div>\n\t\t\t\t<div class=\"elementor-element elementor-element-d49f2e2 elementor-widget elementor-widget-heading\" data-id=\"d49f2e2\" data-element_type=\"widget\" data-e-type=\"widget\" data-widget_type=\"heading.default\">\n\t\t\t\t<div class=\"elementor-widget-container\">\n\t\t\t\t\t<h1 class=\"elementor-heading-title elementor-size-default\"> Mach mehr aus deinen Gesch&auml;ftsveranstaltungen\n<\/h1>\t\t\t\t<\/div>\n\t\t\t\t<\/div>\n\t\t\t\t\t<\/div>\n\t\t<\/div>\n\t\t\t\t<div class=\"elementor-column elementor-col-50 elementor-top-column elementor-element elementor-element-fe7e86a\" data-id=\"fe7e86a\" data-element_type=\"column\" data-e-type=\"column\">\n\t\t\t<div class=\"elementor-widget-wrap elementor-element-populated\">\n\t\t\t\t\t\t<div class=\"elementor-element elementor-element-2c63260 elementor-widget__width-initial elementor-widget elementor-widget-text-editor\" data-id=\"2c63260\" data-element_type=\"widget\" data-e-type=\"widget\" data-widget_type=\"text-editor.default\">\n\t\t\t\t<div class=\"elementor-widget-container\">\n\t\t\t\t\t\t\t\t\t<p class=\"p1\">Verwandle deine Gesch&auml;ftsveranstaltung in einen durchschlagenden Erfolg mit den au&szlig;ergew&ouml;hnlichen Einrichtungen und Dienstleistungen im Verdi G&#380;ira Promenade Ob du Strategiesitzungen mit deinem Team abhalten oder VIP-G&auml;ste empfangen willst, unsere zwei eigens daf&uuml;r vorgesehenen und gut ausgestatteten R&auml;ume sind f&uuml;r Meetings ausgelegt, die teils digital und teils in Pr&auml;senz stattfinden. Sie gew&auml;hrleisten Vielseitigkeit und Zweckm&auml;&szlig;igkeit f&uuml;r alle deine gesch&auml;ftlichen Anforderungen.<\/p>\t\t\t\t\t\t\t\t<\/div>\n\t\t\t\t<\/div>\n\t\t\t\t\t<\/div>\n\t\t<\/div>\n\t\t\t\t\t<\/div>\n\t\t<\/section>\n\t\t\t\t<section class=\"elementor-section elementor-top-section elementor-element elementor-element-360b9cd elementor-section-full_width elementor-section-height-min-height elementor-section-height-default elementor-section-items-middle\" data-id=\"360b9cd\" data-element_type=\"section\" data-e-type=\"section\" id=\"conference\" data-settings='{\"background_background\":\"classic\"}'>\n\t\t\t\t\t\t<div class=\"elementor-container elementor-column-gap-default\">\n\t\t\t\t\t<div class=\"elementor-column elementor-col-50 elementor-top-column elementor-element elementor-element-8a26bf9\" data-id=\"8a26bf9\" data-element_type=\"column\" data-e-type=\"column\">\n\t\t\t<div class=\"elementor-widget-wrap\">\n\t\t\t\t\t\t\t<\/div>\n\t\t<\/div>\n\t\t\t\t<div class=\"elementor-column elementor-col-50 elementor-top-column elementor-element elementor-element-c2ea283\" data-id=\"c2ea283\" data-element_type=\"column\" data-e-type=\"column\" data-settings='{\"background_background\":\"classic\"}'>\n\t\t\t<div class=\"elementor-widget-wrap elementor-element-populated\">\n\t\t\t\t\t\t<div class=\"elementor-element elementor-element-56fb65f elementor-widget__width-initial elementor-widget elementor-widget-text-editor\" data-id=\"56fb65f\" data-element_type=\"widget\" data-e-type=\"widget\" data-widget_type=\"text-editor.default\">\n\t\t\t\t<div class=\"elementor-widget-container\">\n\t\t\t\t\t\t\t\t\t<p class=\"p1\">Profitiere von unseren wettbewerbsf&auml;higen Preisen, exklusiven Vorteilen und weiteren speziell an deine Bed&uuml;rfnisse anpassbaren Leistungen, mit denen wir dein Event perfekt gestalten. Mit seiner idealen Lage in der N&auml;he vieler f&uuml;hrender Gesch&auml;ftsviertel Maltas ist das Verdi G&#380;ira Promenade deine erste Wahl f&uuml;r Gesch&auml;ftstreffen.<\/p><p class=\"p1\">Unsere stilvollen, kultivierten Konferenzr&auml;ume, die denen auf einer Vorstandsetage in nichts nachstehen, bieten bequem Platz f&uuml;r bis zu zw&ouml;lf G&auml;ste. Jeder Raum garantiert absolute Ruhe und Privatsph&auml;re, sodass du dich mit deinen G&auml;sten ungest&ouml;rt in Diskussionen vertiefen und Ideen entwickeln kannst. Unsere lichtdurchfluteten und vollklimatisierten R&auml;ume sind mit der notwendigen Technik ausgestattet, darunter TV-Bildschirme f&uuml;r Pr&auml;sentationen, Hochgeschwindigkeits-WLAN und ausreichend Steckdosen, um eine reibungslose und produktive Sitzung zu erm&ouml;glichen.<\/p>\t\t\t\t\t\t\t\t<\/div>\n\t\t\t\t<\/div>\n\t\t\t\t<div class=\"elementor-element elementor-element-c168398 elementor-widget elementor-widget-spacer\" data-id=\"c168398\" data-element_type=\"widget\" data-e-type=\"widget\" data-widget_type=\"spacer.default\">\n\t\t\t\t<div class=\"elementor-widget-container\">\n\t\t\t\t\t\t\t<div class=\"elementor-spacer\">\n\t\t\t<div class=\"elementor-spacer-inner\"><\/div>\n\t\t<\/div>\n\t\t\t\t\t\t<\/div>\n\t\t\t\t<\/div>\n\t\t\t\t<div class=\"elementor-element elementor-element-0fc0e67 elementor-align-justify elementor-widget__width-initial elementor-widget-mobile__width-inherit elementor-widget elementor-widget-button\" data-id=\"0fc0e67\" data-element_type=\"widget\" data-e-type=\"widget\" data-widget_type=\"button.default\">\n\t\t\t\t<div class=\"elementor-widget-container\">\n\t\t\t\t\t\t\t\t\t<div class=\"elementor-button-wrapper\">\n\t\t\t\t\t<a class=\"elementor-button elementor-button-link elementor-size-sm\" href=\"https:\/\/verdihotels.com\/gzira\/de\/contact\/\">\n\t\t\t\t\t\t<span class=\"elementor-button-content-wrapper\">\n\t\t\t\t\t\t\t\t\t<span class=\"elementor-button-text\">Kontakt aufnehmen<\/span>\n\t\t\t\t\t<\/span>\n\t\t\t\t\t<\/a>\n\t\t\t\t<\/div>\n\t\t\t\t\t\t\t\t<\/div>\n\t\t\t\t<\/div>\n\t\t\t\t\t<\/div>\n\t\t<\/div>\n\t\t\t\t\t<\/div>\n\t\t<\/section>\n\t\t\t\t<section class=\"elementor-section elementor-top-section elementor-element elementor-element-15efc0f elementor-section-full_width elementor-section-height-min-height elementor-section-height-default elementor-section-items-middle\" data-id=\"15efc0f\" data-element_type=\"section\" data-e-type=\"section\" id=\"weddings\">\n\t\t\t\t\t\t<div class=\"elementor-container elementor-column-gap-default\">\n\t\t\t\t\t<div class=\"elementor-column elementor-col-100 elementor-top-column elementor-element elementor-element-6640781\" data-id=\"6640781\" data-element_type=\"column\" data-e-type=\"column\">\n\t\t\t<div class=\"elementor-widget-wrap elementor-element-populated\">\n\t\t\t\t\t\t<div class=\"elementor-element elementor-element-bbbb05d elementor-widget__width-initial elementor-widget elementor-widget-text-editor\" data-id=\"bbbb05d\" data-element_type=\"widget\" data-e-type=\"widget\" data-widget_type=\"text-editor.default\">\n\t\t\t\t<div class=\"elementor-widget-container\">\n\t\t\t\t\t\t\t\t\t<p class=\"p1\">Wenn du einen Konferenzraum im Verdi G&#380;ira Promenade buchst, profitierst du auch von der Unterst&uuml;tzung durch unser erstklassiges Team, das sich um die gesamte logistische Planung k&uuml;mmert und sicherstellt, dass deine W&uuml;nsche nach den h&ouml;chsten Standards erf&uuml;llt werden. Wir bieten eine Vielzahl von Paketen f&uuml;r die Kaffeepause und Erfrischungen an, die auf den Stil und die Bed&uuml;rfnisse deiner Veranstaltung zugeschnitten sind.<\/p><p class=\"p1\">Nach einem produktiven Tag entspannst du dich mit deinen G&auml;sten bei einem k&ouml;stlichen mediterranen Essen in unserem Hotelrestaurant oder bei einem Cocktail in unserer eleganten Lobby Bar. Das Verdi G&#380;ira verbindet professionelle Exzellenz mit unvergleichlicher Gastfreundschaft und ist damit der perfekte Ort f&uuml;r deine n&auml;chste Gesch&auml;ftsveranstaltung.<\/p>\t\t\t\t\t\t\t\t<\/div>\n\t\t\t\t<\/div>\n\t\t\t\t\t<\/div>\n\t\t<\/div>\n\t\t\t\t\t<\/div>\n\t\t<\/section>\n\t\t\t\t<\/div>\n","protected":false},"excerpt":{"rendered":"<p>Book a Meeting KONFERENZEN UND VERANSTALTUNGEN Mach mehr aus deinen Gesch\u00e4ftsveranstaltungen Verwandle deine Gesch\u00e4ftsveranstaltung in einen durchschlagenden Erfolg mit den au\u00dfergew\u00f6hnlichen Einrichtungen und Dienstleistungen im Verdi G\u017cira Promenade Ob du Strategiesitzungen mit deinem Team abhalten oder VIP-G\u00e4ste empfangen willst, unsere zwei eigens daf\u00fcr vorgesehenen und gut ausgestatteten R\u00e4ume sind f\u00fcr Meetings ausgelegt, die teils digital&hellip;<\/p>\n","protected":false},"author":1,"featured_media":0,"parent":0,"menu_order":40,"comment_status":"closed","ping_status":"closed","template":"","meta":{"_acf_changed":false,"footnotes":""},"class_list":["post-632","page","type-page","status-publish","hentry"],"yoast_head":"<!-- This site is optimized with the Yoast SEO plugin v27.5 - https:\/\/yoast.com\/product\/yoast-seo-wordpress\/ -->\n<title>Tagen und feiern - Verdi Gzira Promenade<\/title>\n<meta name=\"description\" content=\"Elevate your business events with exceptional facilities and services at Verdi Gzira Promenade.\" \/>\n<meta name=\"robots\" content=\"index, follow, max-snippet:-1, max-image-preview:large, max-video-preview:-1\" \/>\n<link rel=\"canonical\" href=\"https:\/\/verdihotels.com\/gzira\/de\/meet-celebrate\/\" \/>\n<meta property=\"og:locale\" content=\"en_US\" \/>\n<meta property=\"og:type\" content=\"article\" \/>\n<meta property=\"og:title\" content=\"Tagen und feiern - Verdi Gzira Promenade\" \/>\n<meta property=\"og:description\" content=\"Elevate your business events with exceptional facilities and services at Verdi Gzira Promenade.\" \/>\n<meta property=\"og:url\" content=\"https:\/\/verdihotels.com\/gzira\/de\/meet-celebrate\/\" \/>\n<meta property=\"og:site_name\" content=\"Verdi Gzira Promenade\" \/>\n<meta property=\"article:publisher\" content=\"https:\/\/www.facebook.com\/VerdiHotels\" \/>\n<meta property=\"article:modified_time\" content=\"2026-04-09T09:35:01+00:00\" \/>\n<meta name=\"twitter:card\" content=\"summary_large_image\" \/>\n<meta name=\"twitter:label1\" content=\"Est. reading time\" \/>\n\t<meta name=\"twitter:data1\" content=\"2 minutes\" \/>\n<script type=\"application\/ld+json\" class=\"yoast-schema-graph\">{\"@context\":\"https:\\\/\\\/schema.org\",\"@graph\":[{\"@type\":\"WebPage\",\"@id\":\"https:\\\/\\\/verdihotels.com\\\/gzira\\\/de\\\/meet-celebrate\\\/\",\"url\":\"https:\\\/\\\/verdihotels.com\\\/gzira\\\/de\\\/meet-celebrate\\\/\",\"name\":\"Tagen und feiern - Verdi Gzira Promenade\",\"description\":\"Elevate your business events with exceptional facilities and services at Verdi Gzira Promenade.\",\"potentialAction\":[{\"@type\":\"ReadAction\",\"target\":[\"https:\\\/\\\/verdihotels.com\\\/gzira\\\/de\\\/meet-celebrate\\\/\"]}]},{\"@type\":\"BreadcrumbList\",\"@id\":\"https:\\\/\\\/verdihotels.com\\\/gzira\\\/de\\\/meet-celebrate\\\/#breadcrumb\",\"itemListElement\":[{\"@type\":\"ListItem\",\"position\":1,\"name\":\"Home\",\"item\":\"https:\\\/\\\/verdihotels.com\\\/gzira\\\/\"},{\"@type\":\"ListItem\",\"position\":2,\"name\":\"Tagen und feiern\"}]},{\"@type\":\"WebSite\",\"@id\":\"https:\\\/\\\/verdihotels.com\\\/gzira\\\/#website\",\"url\":\"https:\\\/\\\/verdihotels.com\\\/gzira\\\/\",\"name\":\"Verdi Gzira Waterfront\",\"description\":\"travelling the way it&#039;s meant to be\",\"publisher\":{\"@id\":\"https:\\\/\\\/verdihotels.com\\\/gzira\\\/#organization\"},\"potentialAction\":[{\"@type\":\"SearchAction\",\"target\":{\"@type\":\"EntryPoint\",\"urlTemplate\":\"https:\\\/\\\/verdihotels.com\\\/gzira\\\/?s={search_term_string}\"},\"query-input\":{\"@type\":\"PropertyValueSpecification\",\"valueRequired\":true,\"valueName\":\"search_term_string\"}}],\"inLanguage\":\"en-US\"},{\"@type\":\"Organization\",\"@id\":\"https:\\\/\\\/verdihotels.com\\\/gzira\\\/#organization\",\"name\":\"Verdi Gzira Waterfront\",\"url\":\"https:\\\/\\\/verdihotels.com\\\/gzira\\\/\",\"logo\":{\"@type\":\"ImageObject\",\"inLanguage\":\"en-US\",\"@id\":\"https:\\\/\\\/verdihotels.com\\\/gzira\\\/#\\\/schema\\\/logo\\\/image\\\/\",\"url\":\"https:\\\/\\\/verdihotels.com\\\/wp-content\\\/uploads\\\/sites\\\/3\\\/2023\\\/05\\\/Verdi-Hotels-Logo-RGB@2x.png\",\"contentUrl\":\"https:\\\/\\\/verdihotels.com\\\/wp-content\\\/uploads\\\/sites\\\/3\\\/2023\\\/05\\\/Verdi-Hotels-Logo-RGB@2x.png\",\"width\":1224,\"height\":576,\"caption\":\"Verdi Gzira Waterfront\"},\"image\":{\"@id\":\"https:\\\/\\\/verdihotels.com\\\/gzira\\\/#\\\/schema\\\/logo\\\/image\\\/\"},\"sameAs\":[\"https:\\\/\\\/www.facebook.com\\\/VerdiHotels\",\"https:\\\/\\\/www.tiktok.com\\\/@verdi_hotels\",\"https:\\\/\\\/www.instagram.com\\\/verdi_hotels\"]}]}<\/script>\n<!-- \/ Yoast SEO plugin. -->","yoast_head_json":{"title":"Tagen und feiern - Verdi Gzira Promenade","description":"Elevate your business events with exceptional facilities and services at Verdi Gzira Promenade.","robots":{"index":"index","follow":"follow","max-snippet":"max-snippet:-1","max-image-preview":"max-image-preview:large","max-video-preview":"max-video-preview:-1"},"canonical":"https:\/\/verdihotels.com\/gzira\/de\/meet-celebrate\/","og_locale":"en_US","og_type":"article","og_title":"Tagen und feiern - Verdi Gzira Promenade","og_description":"Elevate your business events with exceptional facilities and services at Verdi Gzira Promenade.","og_url":"https:\/\/verdihotels.com\/gzira\/de\/meet-celebrate\/","og_site_name":"Verdi Gzira Promenade","article_publisher":"https:\/\/www.facebook.com\/VerdiHotels","article_modified_time":"2026-04-09T09:35:01+00:00","twitter_card":"summary_large_image","twitter_misc":{"Est. reading time":"2 minutes"},"schema":{"@context":"https:\/\/schema.org","@graph":[{"@type":"WebPage","@id":"https:\/\/verdihotels.com\/gzira\/de\/meet-celebrate\/","url":"https:\/\/verdihotels.com\/gzira\/de\/meet-celebrate\/","name":"Tagen und feiern - Verdi Gzira Promenade","description":"Elevate your business events with exceptional facilities and services at Verdi Gzira Promenade.","potentialAction":[{"@type":"ReadAction","target":["https:\/\/verdihotels.com\/gzira\/de\/meet-celebrate\/"]}]},{"@type":"BreadcrumbList","@id":"https:\/\/verdihotels.com\/gzira\/de\/meet-celebrate\/#breadcrumb","itemListElement":[{"@type":"ListItem","position":1,"name":"Home","item":"https:\/\/verdihotels.com\/gzira\/"},{"@type":"ListItem","position":2,"name":"Tagen und feiern"}]},{"@type":"WebSite","@id":"https:\/\/verdihotels.com\/gzira\/#website","url":"https:\/\/verdihotels.com\/gzira\/","name":"Verdi Gzira Waterfront","description":"travelling the way it&#039;s meant to be","publisher":{"@id":"https:\/\/verdihotels.com\/gzira\/#organization"},"potentialAction":[{"@type":"SearchAction","target":{"@type":"EntryPoint","urlTemplate":"https:\/\/verdihotels.com\/gzira\/?s={search_term_string}"},"query-input":{"@type":"PropertyValueSpecification","valueRequired":true,"valueName":"search_term_string"}}],"inLanguage":"en-US"},{"@type":"Organization","@id":"https:\/\/verdihotels.com\/gzira\/#organization","name":"Verdi Gzira Waterfront","url":"https:\/\/verdihotels.com\/gzira\/","logo":{"@type":"ImageObject","inLanguage":"en-US","@id":"https:\/\/verdihotels.com\/gzira\/#\/schema\/logo\/image\/","url":"https:\/\/verdihotels.com\/wp-content\/uploads\/sites\/3\/2023\/05\/Verdi-Hotels-Logo-RGB@2x.png","contentUrl":"https:\/\/verdihotels.com\/wp-content\/uploads\/sites\/3\/2023\/05\/Verdi-Hotels-Logo-RGB@2x.png","width":1224,"height":576,"caption":"Verdi Gzira Waterfront"},"image":{"@id":"https:\/\/verdihotels.com\/gzira\/#\/schema\/logo\/image\/"},"sameAs":["https:\/\/www.facebook.com\/VerdiHotels","https:\/\/www.tiktok.com\/@verdi_hotels","https:\/\/www.instagram.com\/verdi_hotels"]}]}},"acf":[],"lang":"de","translations":{"de":632,"fr":1192,"en":43,"hu":631,"cs":998,"pt":1097},"pll_sync_post":{},"_links":{"self":[{"href":"https:\/\/verdihotels.com\/gzira\/wp-json\/wp\/v2\/pages\/632","targetHints":{"allow":["GET"]}}],"collection":[{"href":"https:\/\/verdihotels.com\/gzira\/wp-json\/wp\/v2\/pages"}],"about":[{"href":"https:\/\/verdihotels.com\/gzira\/wp-json\/wp\/v2\/types\/page"}],"author":[{"embeddable":true,"href":"https:\/\/verdihotels.com\/gzira\/wp-json\/wp\/v2\/users\/1"}],"replies":[{"embeddable":true,"href":"https:\/\/verdihotels.com\/gzira\/wp-json\/wp\/v2\/comments?post=632"}],"version-history":[{"count":0,"href":"https:\/\/verdihotels.com\/gzira\/wp-json\/wp\/v2\/pages\/632\/revisions"}],"wp:attachment":[{"href":"https:\/\/verdihotels.com\/gzira\/wp-json\/wp\/v2\/media?parent=632"}],"curies":[{"name":"wp","href":"https:\/\/api.w.org\/{rel}","templated":true}]}}