{"id":1002,"date":"2025-10-08T17:12:48","date_gmt":"2025-10-08T17:12:48","guid":{"rendered":"https:\/\/verdihotels.com\/santarem\/?page_id=1002"},"modified":"2025-10-14T06:40:49","modified_gmt":"2025-10-14T06:40:49","slug":"reunir-celebrar","status":"publish","type":"page","link":"https:\/\/verdihotels.com\/santarem\/pt\/reunir-celebrar\/","title":{"rendered":"Reunir &amp; Celebrar\u00a0"},"content":{"rendered":"<div data-elementor-type=\"wp-page\" data-elementor-id=\"1002\" class=\"elementor elementor-1002\" data-elementor-post-type=\"page\"><div class=\"breadcrumbs\"><span><span><a href=\"https:\/\/verdihotels.com\/santarem\/\">Home<\/a><\/span><\/span><\/div>\n\t\t\t\t\t\t<section class=\"elementor-section elementor-top-section elementor-element elementor-element-8216db0 elementor-section-full_width elementor-section-height-min-height elementor-section-items-bottom elementor-section-height-default\" data-id=\"8216db0\" data-element_type=\"section\" data-e-type=\"section\" data-settings='{\"background_background\":\"classic\"}'>\n\t\t\t\t\t\t<div class=\"elementor-container elementor-column-gap-default\">\n\t\t\t\t\t<div class=\"elementor-column elementor-col-100 elementor-top-column elementor-element elementor-element-241cb0e\" data-id=\"241cb0e\" data-element_type=\"column\" data-e-type=\"column\">\n\t\t\t<div class=\"elementor-widget-wrap\">\n\t\t\t\t\t\t\t<\/div>\n\t\t<\/div>\n\t\t\t\t\t<\/div>\n\t\t<\/section>\n\t\t\t\t<section class=\"elementor-section elementor-top-section elementor-element elementor-element-ee9865d elementor-section-full_width elementor-section-height-min-height elementor-section-height-default elementor-section-items-middle\" data-id=\"ee9865d\" data-element_type=\"section\" data-e-type=\"section\">\n\t\t\t\t\t\t<div class=\"elementor-container elementor-column-gap-default\">\n\t\t\t\t\t<div class=\"elementor-column elementor-col-50 elementor-top-column elementor-element elementor-element-be324b3\" data-id=\"be324b3\" data-element_type=\"column\" data-e-type=\"column\">\n\t\t\t<div class=\"elementor-widget-wrap elementor-element-populated\">\n\t\t\t\t\t\t<div class=\"elementor-element elementor-element-7c52125 elementor-widget elementor-widget-heading\" data-id=\"7c52125\" data-element_type=\"widget\" data-e-type=\"widget\" data-widget_type=\"heading.default\">\n\t\t\t\t<div class=\"elementor-widget-container\">\n\t\t\t\t\t<h2 class=\"elementor-heading-title elementor-size-default\">Reunir &amp; Celebrar <\/h2>\t\t\t\t<\/div>\n\t\t\t\t<\/div>\n\t\t\t\t<div class=\"elementor-element elementor-element-d49f2e2 elementor-widget elementor-widget-heading\" data-id=\"d49f2e2\" data-element_type=\"widget\" data-e-type=\"widget\" data-widget_type=\"heading.default\">\n\t\t\t\t<div class=\"elementor-widget-container\">\n\t\t\t\t\t<h1 class=\"elementor-heading-title elementor-size-default\"> Juntar as pessoas em Santar&eacute;m<\/h1>\t\t\t\t<\/div>\n\t\t\t\t<\/div>\n\t\t\t\t\t<\/div>\n\t\t<\/div>\n\t\t\t\t<div class=\"elementor-column elementor-col-50 elementor-top-column elementor-element elementor-element-fe7e86a\" data-id=\"fe7e86a\" data-element_type=\"column\" data-e-type=\"column\">\n\t\t\t<div class=\"elementor-widget-wrap elementor-element-populated\">\n\t\t\t\t\t\t<div class=\"elementor-element elementor-element-2c63260 elementor-widget__width-initial elementor-widget elementor-widget-text-editor\" data-id=\"2c63260\" data-element_type=\"widget\" data-e-type=\"widget\" data-widget_type=\"text-editor.default\">\n\t\t\t\t<div class=\"elementor-widget-container\">\n\t\t\t\t\t\t\t\t\t<p class=\"p1\">Quer esteja a planear um evento empresarial ou de lazer, podemos criar a ocasi&atilde;o perfeita. Gra&ccedil;as a um estilo de vida descontra&iacute;do e uma hist&oacute;ria rica, Santar&eacute;m &eacute; um cen&aacute;rio id&iacute;lico para as suas reuni&otilde;es, confer&ecirc;ncias ou celebra&ccedil;&otilde;es familiares.<\/p><p class=\"p1\">Com dedica&ccedil;&atilde;o e aten&ccedil;&atilde;o ao detalhe, proporcionamos um servi&ccedil;o impec&aacute;vel para que o seu evento seja t&atilde;o impactante quanto memor&aacute;vel. Os espa&ccedil;os vers&aacute;teis e luminosos, aliados &agrave;s magn&iacute;ficas vistas sobre a Lez&iacute;ria e o rio Tejo, fazem do Verdi Santar&eacute;m um local memor&aacute;vel e com a atmosfera certa para qualquer ocasi&atilde;o.<\/p>\t\t\t\t\t\t\t\t<\/div>\n\t\t\t\t<\/div>\n\t\t\t\t\t<\/div>\n\t\t<\/div>\n\t\t\t\t\t<\/div>\n\t\t<\/section>\n\t\t<div class=\"elementor-element elementor-element-83ed606 e-con-full e-flex e-con e-parent\" data-id=\"83ed606\" data-element_type=\"container\" data-e-type=\"container\" data-settings='{\"background_background\":\"classic\"}'>\n\t\t<div class=\"elementor-element elementor-element-e1ab959 e-con-full e-flex e-con e-child\" data-id=\"e1ab959\" data-element_type=\"container\" data-e-type=\"container\">\n\t\t\t\t<\/div>\n\t\t<div class=\"elementor-element elementor-element-8745a5c e-con-full e-flex e-con e-child\" data-id=\"8745a5c\" data-element_type=\"container\" data-e-type=\"container\" data-settings='{\"background_background\":\"classic\"}'>\n\t\t\t\t<div class=\"elementor-element elementor-element-659df40 elementor-widget elementor-widget-heading\" data-id=\"659df40\" data-element_type=\"widget\" data-e-type=\"widget\" data-widget_type=\"heading.default\">\n\t\t\t\t<div class=\"elementor-widget-container\">\n\t\t\t\t\t<h2 class=\"elementor-heading-title elementor-size-default\">Confer&ecirc;ncias e Reuni&otilde;es<\/h2>\t\t\t\t<\/div>\n\t\t\t\t<\/div>\n\t\t\t\t<div class=\"elementor-element elementor-element-dad3267 elementor-widget__width-initial elementor-widget elementor-widget-text-editor\" data-id=\"dad3267\" data-element_type=\"widget\" data-e-type=\"widget\" data-widget_type=\"text-editor.default\">\n\t\t\t\t<div class=\"elementor-widget-container\">\n\t\t\t\t\t\t\t\t\t<p class=\"p1\">O sucesso do seu evento empresarial &eacute; t&atilde;o importante para n&oacute;s como &eacute; para si. Desde sess&otilde;es de forma&ccedil;&atilde;o a grandes confer&ecirc;ncias at&eacute; 250&nbsp;pessoas, no Verdi Santar&eacute;m temos as salas, a tecnologia e os servi&ccedil;os profissionais para garantir um resultado tranquilo e bem-sucedido.<\/p>\t\t\t\t\t\t\t\t<\/div>\n\t\t\t\t<\/div>\n\t\t\t\t<div class=\"elementor-element elementor-element-2f26e12 elementor-widget elementor-widget-spacer\" data-id=\"2f26e12\" data-element_type=\"widget\" data-e-type=\"widget\" data-widget_type=\"spacer.default\">\n\t\t\t\t<div class=\"elementor-widget-container\">\n\t\t\t\t\t\t\t<div class=\"elementor-spacer\">\n\t\t\t<div class=\"elementor-spacer-inner\"><\/div>\n\t\t<\/div>\n\t\t\t\t\t\t<\/div>\n\t\t\t\t<\/div>\n\t\t\t\t<div class=\"elementor-element elementor-element-0a0e63f elementor-align-justify elementor-widget__width-initial elementor-widget-mobile__width-inherit elementor-widget elementor-widget-button\" data-id=\"0a0e63f\" data-element_type=\"widget\" data-e-type=\"widget\" data-widget_type=\"button.default\">\n\t\t\t\t<div class=\"elementor-widget-container\">\n\t\t\t\t\t\t\t\t\t<div class=\"elementor-button-wrapper\">\n\t\t\t\t\t<a class=\"elementor-button elementor-button-link elementor-size-sm\" href=\"https:\/\/verdihotels.com\/santarem\/meet-celebrate\/conferences-meetings\/\">\n\t\t\t\t\t\t<span class=\"elementor-button-content-wrapper\">\n\t\t\t\t\t\t\t\t\t<span class=\"elementor-button-text\">DESCOBRIR<\/span>\n\t\t\t\t\t<\/span>\n\t\t\t\t\t<\/a>\n\t\t\t\t<\/div>\n\t\t\t\t\t\t\t\t<\/div>\n\t\t\t\t<\/div>\n\t\t\t\t<\/div>\n\t\t\t\t<\/div>\n\t\t<div class=\"elementor-element elementor-element-1b8061f e-con-full e-flex e-con e-parent\" data-id=\"1b8061f\" data-element_type=\"container\" data-e-type=\"container\" data-settings='{\"background_background\":\"classic\"}'>\n\t\t<div class=\"elementor-element elementor-element-ff96932 e-con-full e-flex e-con e-child\" data-id=\"ff96932\" data-element_type=\"container\" data-e-type=\"container\">\n\t\t\t\t<\/div>\n\t\t<div class=\"elementor-element elementor-element-af702e9 e-con-full e-flex e-con e-child\" data-id=\"af702e9\" data-element_type=\"container\" data-e-type=\"container\" data-settings='{\"background_background\":\"classic\"}'>\n\t\t\t\t<div class=\"elementor-element elementor-element-0dba0cb elementor-widget elementor-widget-heading\" data-id=\"0dba0cb\" data-element_type=\"widget\" data-e-type=\"widget\" data-widget_type=\"heading.default\">\n\t\t\t\t<div class=\"elementor-widget-container\">\n\t\t\t\t\t<h2 class=\"elementor-heading-title elementor-size-default\">Casamentos<\/h2>\t\t\t\t<\/div>\n\t\t\t\t<\/div>\n\t\t\t\t<div class=\"elementor-element elementor-element-1843577 elementor-widget__width-initial elementor-widget elementor-widget-text-editor\" data-id=\"1843577\" data-element_type=\"widget\" data-e-type=\"widget\" data-widget_type=\"text-editor.default\">\n\t\t\t\t<div class=\"elementor-widget-container\">\n\t\t\t\t\t\t\t\t\t<p class=\"p1\">O dia do seu casamento &eacute; um dos dias mais especiais da sua vida. A nossa equipa de Santar&eacute;m est&aacute; aqui para ajudar a criar uma celebra&ccedil;&atilde;o que seja t&atilde;o perfeita quanto memor&aacute;vel.<\/p>\t\t\t\t\t\t\t\t<\/div>\n\t\t\t\t<\/div>\n\t\t\t\t<div class=\"elementor-element elementor-element-efd68bf elementor-widget elementor-widget-spacer\" data-id=\"efd68bf\" data-element_type=\"widget\" data-e-type=\"widget\" data-widget_type=\"spacer.default\">\n\t\t\t\t<div class=\"elementor-widget-container\">\n\t\t\t\t\t\t\t<div class=\"elementor-spacer\">\n\t\t\t<div class=\"elementor-spacer-inner\"><\/div>\n\t\t<\/div>\n\t\t\t\t\t\t<\/div>\n\t\t\t\t<\/div>\n\t\t\t\t<div class=\"elementor-element elementor-element-82a794e elementor-align-justify elementor-widget__width-initial elementor-widget-mobile__width-inherit elementor-widget elementor-widget-button\" data-id=\"82a794e\" data-element_type=\"widget\" data-e-type=\"widget\" data-widget_type=\"button.default\">\n\t\t\t\t<div class=\"elementor-widget-container\">\n\t\t\t\t\t\t\t\t\t<div class=\"elementor-button-wrapper\">\n\t\t\t\t\t<a class=\"elementor-button elementor-button-link elementor-size-sm\" href=\"https:\/\/verdihotels.com\/santarem\/meet-celebrate\/weddings\/\">\n\t\t\t\t\t\t<span class=\"elementor-button-content-wrapper\">\n\t\t\t\t\t\t\t\t\t<span class=\"elementor-button-text\">DESCOBRIR<\/span>\n\t\t\t\t\t<\/span>\n\t\t\t\t\t<\/a>\n\t\t\t\t<\/div>\n\t\t\t\t\t\t\t\t<\/div>\n\t\t\t\t<\/div>\n\t\t\t\t<\/div>\n\t\t\t\t<\/div>\n\t\t<div class=\"elementor-element elementor-element-d6d5328 e-con-full e-flex e-con e-parent\" data-id=\"d6d5328\" data-element_type=\"container\" data-e-type=\"container\" data-settings='{\"background_background\":\"classic\"}'>\n\t\t<div class=\"elementor-element elementor-element-a8daa03 e-con-full e-flex e-con e-child\" data-id=\"a8daa03\" data-element_type=\"container\" data-e-type=\"container\">\n\t\t\t\t<\/div>\n\t\t<div class=\"elementor-element elementor-element-f2593b1 e-con-full e-flex e-con e-child\" data-id=\"f2593b1\" data-element_type=\"container\" data-e-type=\"container\" data-settings='{\"background_background\":\"classic\"}'>\n\t\t\t\t<div class=\"elementor-element elementor-element-8d677ba elementor-widget elementor-widget-heading\" data-id=\"8d677ba\" data-element_type=\"widget\" data-e-type=\"widget\" data-widget_type=\"heading.default\">\n\t\t\t\t<div class=\"elementor-widget-container\">\n\t\t\t\t\t<h2 class=\"elementor-heading-title elementor-size-default\">Celebra&ccedil;&otilde;es especiais<\/h2>\t\t\t\t<\/div>\n\t\t\t\t<\/div>\n\t\t\t\t<div class=\"elementor-element elementor-element-9aea89c elementor-widget__width-initial elementor-widget elementor-widget-text-editor\" data-id=\"9aea89c\" data-element_type=\"widget\" data-e-type=\"widget\" data-widget_type=\"text-editor.default\">\n\t\t\t\t<div class=\"elementor-widget-container\">\n\t\t\t\t\t\t\t\t\t<p class=\"p1\">&Eacute; sempre uma alegria juntar a fam&iacute;lia e os amigos para celebra&ccedil;&otilde;es especiais. Deixe-nos ajudar a partilhar os grandes momentos da sua vida com uma ocasi&atilde;o que pode ser &iacute;ntima ou grandiosa, casual ou formal, como o momento merece.<\/p>\t\t\t\t\t\t\t\t<\/div>\n\t\t\t\t<\/div>\n\t\t\t\t<div class=\"elementor-element elementor-element-5447328 elementor-widget elementor-widget-spacer\" data-id=\"5447328\" data-element_type=\"widget\" data-e-type=\"widget\" data-widget_type=\"spacer.default\">\n\t\t\t\t<div class=\"elementor-widget-container\">\n\t\t\t\t\t\t\t<div class=\"elementor-spacer\">\n\t\t\t<div class=\"elementor-spacer-inner\"><\/div>\n\t\t<\/div>\n\t\t\t\t\t\t<\/div>\n\t\t\t\t<\/div>\n\t\t\t\t<div class=\"elementor-element elementor-element-f8cf046 elementor-align-justify elementor-widget__width-initial elementor-widget-mobile__width-inherit elementor-widget elementor-widget-button\" data-id=\"f8cf046\" data-element_type=\"widget\" data-e-type=\"widget\" data-widget_type=\"button.default\">\n\t\t\t\t<div class=\"elementor-widget-container\">\n\t\t\t\t\t\t\t\t\t<div class=\"elementor-button-wrapper\">\n\t\t\t\t\t<a class=\"elementor-button elementor-button-link elementor-size-sm\" href=\"https:\/\/verdihotels.com\/santarem\/meet-celebrate\/special-celebrations\/\">\n\t\t\t\t\t\t<span class=\"elementor-button-content-wrapper\">\n\t\t\t\t\t\t\t\t\t<span class=\"elementor-button-text\">DESCOBRIR<\/span>\n\t\t\t\t\t<\/span>\n\t\t\t\t\t<\/a>\n\t\t\t\t<\/div>\n\t\t\t\t\t\t\t\t<\/div>\n\t\t\t\t<\/div>\n\t\t\t\t<\/div>\n\t\t\t\t<\/div>\n\t\t\t\t<\/div>\n","protected":false},"excerpt":{"rendered":"<p>Reunir &amp; Celebrar Juntar as pessoas em Santar\u00e9m Quer esteja a planear um evento empresarial ou de lazer, podemos criar a ocasi\u00e3o perfeita. Gra\u00e7as a um estilo de vida descontra\u00eddo e uma hist\u00f3ria rica, Santar\u00e9m \u00e9 um cen\u00e1rio id\u00edlico para as suas reuni\u00f5es, confer\u00eancias ou celebra\u00e7\u00f5es familiares. Com dedica\u00e7\u00e3o e aten\u00e7\u00e3o ao detalhe, proporcionamos um&hellip;<\/p>\n","protected":false},"author":6,"featured_media":0,"parent":0,"menu_order":2,"comment_status":"closed","ping_status":"closed","template":"","meta":{"_acf_changed":false,"footnotes":""},"class_list":["post-1002","page","type-page","status-publish","hentry"],"yoast_head":"<!-- This site is optimized with the Yoast SEO plugin v27.5 - https:\/\/yoast.com\/product\/yoast-seo-wordpress\/ -->\n<title>Reunir &amp; Celebrar\u00a0 - Verdi Santar\u00e9m<\/title>\n<meta name=\"description\" content=\"Elevate your business events with exceptional facilities and services at Verdi Gzira Promenade.\" \/>\n<meta name=\"robots\" content=\"index, follow, max-snippet:-1, max-image-preview:large, max-video-preview:-1\" \/>\n<link rel=\"canonical\" href=\"https:\/\/verdihotels.com\/santarem\/pt\/reunir-celebrar\/\" \/>\n<meta property=\"og:locale\" content=\"en_US\" \/>\n<meta property=\"og:type\" content=\"article\" \/>\n<meta property=\"og:title\" content=\"Reunir &amp; Celebrar\u00a0 - Verdi Santar\u00e9m\" \/>\n<meta property=\"og:description\" content=\"Elevate your business events with exceptional facilities and services at Verdi Gzira Promenade.\" \/>\n<meta property=\"og:url\" content=\"https:\/\/verdihotels.com\/santarem\/pt\/reunir-celebrar\/\" \/>\n<meta property=\"og:site_name\" content=\"Verdi Santar\u00e9m\" \/>\n<meta property=\"article:publisher\" content=\"https:\/\/www.facebook.com\/VerdiHotels\" \/>\n<meta property=\"article:modified_time\" content=\"2025-10-14T06:40:49+00:00\" \/>\n<meta name=\"twitter:card\" content=\"summary_large_image\" \/>\n<meta name=\"twitter:label1\" content=\"Est. reading time\" \/>\n\t<meta name=\"twitter:data1\" content=\"1 minute\" \/>\n<script type=\"application\/ld+json\" class=\"yoast-schema-graph\">{\"@context\":\"https:\\\/\\\/schema.org\",\"@graph\":[{\"@type\":\"WebPage\",\"@id\":\"https:\\\/\\\/verdihotels.com\\\/santarem\\\/pt\\\/reunir-celebrar\\\/\",\"url\":\"https:\\\/\\\/verdihotels.com\\\/santarem\\\/pt\\\/reunir-celebrar\\\/\",\"name\":\"Reunir &amp; Celebrar\u00a0 - Verdi Santar\u00e9m\",\"description\":\"Elevate your business events with exceptional facilities and services at Verdi Gzira Promenade.\",\"potentialAction\":[{\"@type\":\"ReadAction\",\"target\":[\"https:\\\/\\\/verdihotels.com\\\/santarem\\\/pt\\\/reunir-celebrar\\\/\"]}]},{\"@type\":\"BreadcrumbList\",\"@id\":\"https:\\\/\\\/verdihotels.com\\\/santarem\\\/pt\\\/reunir-celebrar\\\/#breadcrumb\",\"itemListElement\":[{\"@type\":\"ListItem\",\"position\":1,\"name\":\"Home\",\"item\":\"https:\\\/\\\/verdihotels.com\\\/santarem\\\/\"},{\"@type\":\"ListItem\",\"position\":2,\"name\":\"Reunir &amp; Celebrar\u00a0\"}]},{\"@type\":\"WebSite\",\"@id\":\"https:\\\/\\\/verdihotels.com\\\/santarem\\\/#website\",\"url\":\"https:\\\/\\\/verdihotels.com\\\/santarem\\\/\",\"name\":\"Verdi Gzira Waterfront\",\"description\":\"travelling the way it&#039;s meant to be\",\"publisher\":{\"@id\":\"https:\\\/\\\/verdihotels.com\\\/santarem\\\/#organization\"},\"potentialAction\":[{\"@type\":\"SearchAction\",\"target\":{\"@type\":\"EntryPoint\",\"urlTemplate\":\"https:\\\/\\\/verdihotels.com\\\/santarem\\\/?s={search_term_string}\"},\"query-input\":{\"@type\":\"PropertyValueSpecification\",\"valueRequired\":true,\"valueName\":\"search_term_string\"}}],\"inLanguage\":\"en-US\"},{\"@type\":\"Organization\",\"@id\":\"https:\\\/\\\/verdihotels.com\\\/santarem\\\/#organization\",\"name\":\"Verdi Gzira Waterfront\",\"url\":\"https:\\\/\\\/verdihotels.com\\\/santarem\\\/\",\"logo\":{\"@type\":\"ImageObject\",\"inLanguage\":\"en-US\",\"@id\":\"https:\\\/\\\/verdihotels.com\\\/santarem\\\/#\\\/schema\\\/logo\\\/image\\\/\",\"url\":\"https:\\\/\\\/verdihotels.com\\\/wp-content\\\/uploads\\\/sites\\\/7\\\/2023\\\/05\\\/Verdi-Hotels-Logo-RGB@2x.png\",\"contentUrl\":\"https:\\\/\\\/verdihotels.com\\\/wp-content\\\/uploads\\\/sites\\\/7\\\/2023\\\/05\\\/Verdi-Hotels-Logo-RGB@2x.png\",\"width\":1224,\"height\":576,\"caption\":\"Verdi Gzira Waterfront\"},\"image\":{\"@id\":\"https:\\\/\\\/verdihotels.com\\\/santarem\\\/#\\\/schema\\\/logo\\\/image\\\/\"},\"sameAs\":[\"https:\\\/\\\/www.facebook.com\\\/VerdiHotels\",\"https:\\\/\\\/www.tiktok.com\\\/@verdi_hotels\",\"https:\\\/\\\/www.instagram.com\\\/verdi_hotels\"]}]}<\/script>\n<!-- \/ Yoast SEO plugin. -->","yoast_head_json":{"title":"Reunir &amp; Celebrar\u00a0 - Verdi Santar\u00e9m","description":"Elevate your business events with exceptional facilities and services at Verdi Gzira Promenade.","robots":{"index":"index","follow":"follow","max-snippet":"max-snippet:-1","max-image-preview":"max-image-preview:large","max-video-preview":"max-video-preview:-1"},"canonical":"https:\/\/verdihotels.com\/santarem\/pt\/reunir-celebrar\/","og_locale":"en_US","og_type":"article","og_title":"Reunir &amp; Celebrar\u00a0 - Verdi Santar\u00e9m","og_description":"Elevate your business events with exceptional facilities and services at Verdi Gzira Promenade.","og_url":"https:\/\/verdihotels.com\/santarem\/pt\/reunir-celebrar\/","og_site_name":"Verdi Santar\u00e9m","article_publisher":"https:\/\/www.facebook.com\/VerdiHotels","article_modified_time":"2025-10-14T06:40:49+00:00","twitter_card":"summary_large_image","twitter_misc":{"Est. reading time":"1 minute"},"schema":{"@context":"https:\/\/schema.org","@graph":[{"@type":"WebPage","@id":"https:\/\/verdihotels.com\/santarem\/pt\/reunir-celebrar\/","url":"https:\/\/verdihotels.com\/santarem\/pt\/reunir-celebrar\/","name":"Reunir &amp; Celebrar\u00a0 - Verdi Santar\u00e9m","description":"Elevate your business events with exceptional facilities and services at Verdi Gzira Promenade.","potentialAction":[{"@type":"ReadAction","target":["https:\/\/verdihotels.com\/santarem\/pt\/reunir-celebrar\/"]}]},{"@type":"BreadcrumbList","@id":"https:\/\/verdihotels.com\/santarem\/pt\/reunir-celebrar\/#breadcrumb","itemListElement":[{"@type":"ListItem","position":1,"name":"Home","item":"https:\/\/verdihotels.com\/santarem\/"},{"@type":"ListItem","position":2,"name":"Reunir &amp; Celebrar\u00a0"}]},{"@type":"WebSite","@id":"https:\/\/verdihotels.com\/santarem\/#website","url":"https:\/\/verdihotels.com\/santarem\/","name":"Verdi Gzira Waterfront","description":"travelling the way it&#039;s meant to be","publisher":{"@id":"https:\/\/verdihotels.com\/santarem\/#organization"},"potentialAction":[{"@type":"SearchAction","target":{"@type":"EntryPoint","urlTemplate":"https:\/\/verdihotels.com\/santarem\/?s={search_term_string}"},"query-input":{"@type":"PropertyValueSpecification","valueRequired":true,"valueName":"search_term_string"}}],"inLanguage":"en-US"},{"@type":"Organization","@id":"https:\/\/verdihotels.com\/santarem\/#organization","name":"Verdi Gzira Waterfront","url":"https:\/\/verdihotels.com\/santarem\/","logo":{"@type":"ImageObject","inLanguage":"en-US","@id":"https:\/\/verdihotels.com\/santarem\/#\/schema\/logo\/image\/","url":"https:\/\/verdihotels.com\/wp-content\/uploads\/sites\/7\/2023\/05\/Verdi-Hotels-Logo-RGB@2x.png","contentUrl":"https:\/\/verdihotels.com\/wp-content\/uploads\/sites\/7\/2023\/05\/Verdi-Hotels-Logo-RGB@2x.png","width":1224,"height":576,"caption":"Verdi Gzira Waterfront"},"image":{"@id":"https:\/\/verdihotels.com\/santarem\/#\/schema\/logo\/image\/"},"sameAs":["https:\/\/www.facebook.com\/VerdiHotels","https:\/\/www.tiktok.com\/@verdi_hotels","https:\/\/www.instagram.com\/verdi_hotels"]}]}},"acf":[],"lang":"pt","translations":{"pt":1002,"en":43,"hu":999,"de":1000,"fr":1001,"cs":1003},"pll_sync_post":{},"_links":{"self":[{"href":"https:\/\/verdihotels.com\/santarem\/wp-json\/wp\/v2\/pages\/1002","targetHints":{"allow":["GET"]}}],"collection":[{"href":"https:\/\/verdihotels.com\/santarem\/wp-json\/wp\/v2\/pages"}],"about":[{"href":"https:\/\/verdihotels.com\/santarem\/wp-json\/wp\/v2\/types\/page"}],"author":[{"embeddable":true,"href":"https:\/\/verdihotels.com\/santarem\/wp-json\/wp\/v2\/users\/6"}],"replies":[{"embeddable":true,"href":"https:\/\/verdihotels.com\/santarem\/wp-json\/wp\/v2\/comments?post=1002"}],"version-history":[{"count":0,"href":"https:\/\/verdihotels.com\/santarem\/wp-json\/wp\/v2\/pages\/1002\/revisions"}],"wp:attachment":[{"href":"https:\/\/verdihotels.com\/santarem\/wp-json\/wp\/v2\/media?parent=1002"}],"curies":[{"name":"wp","href":"https:\/\/api.w.org\/{rel}","templated":true}]}}