{"id":1005,"date":"2025-10-08T17:27:00","date_gmt":"2025-10-08T17:27:00","guid":{"rendered":"https:\/\/verdihotels.com\/santarem\/?page_id=1005"},"modified":"2025-10-14T06:39:43","modified_gmt":"2025-10-14T06:39:43","slug":"konferenciak-es-talalkozok","status":"publish","type":"page","link":"https:\/\/verdihotels.com\/santarem\/hu\/talalkozok-es-unnepek\/konferenciak-es-talalkozok\/","title":{"rendered":"Konferenci\u00e1k \u00e9s tal\u00e1lkoz\u00f3k\u00a0"},"content":{"rendered":"<div data-elementor-type=\"wp-page\" data-elementor-id=\"1005\" class=\"elementor elementor-1005\" data-elementor-post-type=\"page\"><div class=\"breadcrumbs\"><span><span><a href=\"https:\/\/verdihotels.com\/santarem\/\">Home<\/a><\/span><\/span><\/div>\n\t\t\t\t\t\t<section class=\"elementor-section elementor-top-section elementor-element elementor-element-8216db0 elementor-section-full_width elementor-section-height-min-height elementor-section-items-bottom elementor-section-height-default\" data-id=\"8216db0\" data-element_type=\"section\" data-e-type=\"section\" data-settings='{\"background_background\":\"classic\"}'>\n\t\t\t\t\t\t<div class=\"elementor-container elementor-column-gap-default\">\n\t\t\t\t\t<div class=\"elementor-column elementor-col-100 elementor-top-column elementor-element elementor-element-241cb0e\" data-id=\"241cb0e\" data-element_type=\"column\" data-e-type=\"column\">\n\t\t\t<div class=\"elementor-widget-wrap\">\n\t\t\t\t\t\t\t<\/div>\n\t\t<\/div>\n\t\t\t\t\t<\/div>\n\t\t<\/section>\n\t\t\t\t<section class=\"elementor-section elementor-top-section elementor-element elementor-element-ee9865d elementor-section-full_width elementor-section-height-min-height elementor-section-height-default elementor-section-items-middle\" data-id=\"ee9865d\" data-element_type=\"section\" data-e-type=\"section\">\n\t\t\t\t\t\t<div class=\"elementor-container elementor-column-gap-default\">\n\t\t\t\t\t<div class=\"elementor-column elementor-col-50 elementor-top-column elementor-element elementor-element-be324b3\" data-id=\"be324b3\" data-element_type=\"column\" data-e-type=\"column\">\n\t\t\t<div class=\"elementor-widget-wrap elementor-element-populated\">\n\t\t\t\t\t\t<div class=\"elementor-element elementor-element-7c52125 elementor-widget elementor-widget-heading\" data-id=\"7c52125\" data-element_type=\"widget\" data-e-type=\"widget\" data-widget_type=\"heading.default\">\n\t\t\t\t<div class=\"elementor-widget-container\">\n\t\t\t\t\t<h2 class=\"elementor-heading-title elementor-size-default\">Tal&aacute;lkoz&oacute;k &eacute;s &uuml;nnepek <\/h2>\t\t\t\t<\/div>\n\t\t\t\t<\/div>\n\t\t\t\t<div class=\"elementor-element elementor-element-d49f2e2 elementor-widget elementor-widget-heading\" data-id=\"d49f2e2\" data-element_type=\"widget\" data-e-type=\"widget\" data-widget_type=\"heading.default\">\n\t\t\t\t<div class=\"elementor-widget-container\">\n\t\t\t\t\t<h1 class=\"elementor-heading-title elementor-size-default\">Konferenci&aacute;k &eacute;s tal&aacute;lkoz&oacute;k <\/h1>\t\t\t\t<\/div>\n\t\t\t\t<\/div>\n\t\t\t\t\t<\/div>\n\t\t<\/div>\n\t\t\t\t<div class=\"elementor-column elementor-col-50 elementor-top-column elementor-element elementor-element-fe7e86a\" data-id=\"fe7e86a\" data-element_type=\"column\" data-e-type=\"column\">\n\t\t\t<div class=\"elementor-widget-wrap elementor-element-populated\">\n\t\t\t\t\t\t<div class=\"elementor-element elementor-element-2c63260 elementor-widget__width-initial elementor-widget elementor-widget-text-editor\" data-id=\"2c63260\" data-element_type=\"widget\" data-e-type=\"widget\" data-widget_type=\"text-editor.default\">\n\t\t\t\t<div class=\"elementor-widget-container\">\n\t\t\t\t\t\t\t\t\t<p class=\"p1\">A konferenci&aacute;k tervez&eacute;s&eacute;t&#337;l &eacute;s lebonyol&iacute;t&aacute;s&aacute;t&oacute;l a sz&aacute;ll&aacute;sig &eacute;s a k&uuml;l&ouml;nf&eacute;le &eacute;tel- &eacute;s italv&aacute;laszt&eacute;kig, a Verdi Santar&eacute;m elk&ouml;telezett csapata minden r&eacute;szletben a kiv&aacute;l&oacute;s&aacute;gra t&ouml;rekszik.<\/p><p class=\"p1\">Sokoldal&uacute; &eacute;s vil&aacute;gos t&aacute;rgyal&oacute;ink k&eacute;nyelmesen alkalmazkodnak minden ig&eacute;nyhez, a kis l&eacute;tsz&aacute;m&uacute; priv&aacute;t t&aacute;rgyal&aacute;sokt&oacute;l az ak&aacute;r 250 f&#337;s konferenci&aacute;kig.<\/p>\t\t\t\t\t\t\t\t<\/div>\n\t\t\t\t<\/div>\n\t\t\t\t\t<\/div>\n\t\t<\/div>\n\t\t\t\t\t<\/div>\n\t\t<\/section>\n\t\t<div class=\"elementor-element elementor-element-83ed606 e-con-full e-flex e-con e-parent\" data-id=\"83ed606\" data-element_type=\"container\" data-e-type=\"container\" data-settings='{\"background_background\":\"classic\"}'>\n\t\t<div class=\"elementor-element elementor-element-e1ab959 e-con-full e-flex e-con e-child\" data-id=\"e1ab959\" data-element_type=\"container\" data-e-type=\"container\">\n\t\t\t\t<\/div>\n\t\t<div class=\"elementor-element elementor-element-8745a5c e-con-full e-flex e-con e-child\" data-id=\"8745a5c\" data-element_type=\"container\" data-e-type=\"container\" data-settings='{\"background_background\":\"classic\"}'>\n\t\t\t\t<div class=\"elementor-element elementor-element-dad3267 elementor-widget__width-initial elementor-widget elementor-widget-text-editor\" data-id=\"dad3267\" data-element_type=\"widget\" data-e-type=\"widget\" data-widget_type=\"text-editor.default\">\n\t\t\t\t<div class=\"elementor-widget-container\">\n\t\t\t\t\t\t\t\t\t<p class=\"p1\">Olyan csomagokat &aacute;ll&iacute;tunk &ouml;ssze, amelyek minden ig&eacute;nyt kiel&eacute;g&iacute;tenek, a technol&oacute;gi&aacute;t&oacute;l a sz&aacute;ll&aacute;sig, az &eacute;tteremt&#337;l a bankettig. B&aacute;rmi is legyen az &Ouml;n k&iacute;v&aacute;ns&aacute;ga, legyen az egy k&ouml;tetlen k&aacute;v&eacute;sz&uuml;net, kokt&eacute;lok a medence partj&aacute;n, vagy sv&eacute;dasztalos vagy asztali kiszolg&aacute;l&aacute;s&uacute; bankett priv&aacute;t helyis&eacute;gekben, az &Ouml;n&eacute; a v&aacute;laszt&aacute;s.<\/p><p class=\"p1\">Ha csapat&eacute;p&iacute;t&#337; gyakorlatokra van sz&uuml;ks&eacute;ge, vagy csak egy olyan tev&eacute;kenys&eacute;gre, amely feloldja a tal&aacute;lkoz&oacute;k vagy konferenci&aacute;k fesz&uuml;lts&eacute;g&eacute;t, akkor a pihentet&#337; haj&oacute;kir&aacute;ndul&aacute;st&oacute;l eg&eacute;szen az akt&iacute;vabb tev&eacute;kenys&eacute;gekig terjed&#337; programokat szervez&uuml;nk &Ouml;nnek. <\/p><p class=\"p1\">A Nemzeti Ki&aacute;ll&iacute;t&aacute;si &eacute;s Mez&#337;gazdas&aacute;gi Piacok K&ouml;zpontja (CNEMA) &eacute;s a Rio Maiorban tal&aacute;lhat&oacute; Nemzeti Gyakornoki &eacute;s Sportk&eacute;pz&eacute;si K&ouml;zpont k&ouml;zels&eacute;ge miatt sz&aacute;llod&aacute;nk t&ouml;k&eacute;letes v&aacute;laszt&aacute;s az &Ouml;n sz&aacute;m&aacute;ra.<\/p>\t\t\t\t\t\t\t\t<\/div>\n\t\t\t\t<\/div>\n\t\t\t\t<div class=\"elementor-element elementor-element-2f26e12 elementor-widget elementor-widget-spacer\" data-id=\"2f26e12\" data-element_type=\"widget\" data-e-type=\"widget\" data-widget_type=\"spacer.default\">\n\t\t\t\t<div class=\"elementor-widget-container\">\n\t\t\t\t\t\t\t<div class=\"elementor-spacer\">\n\t\t\t<div class=\"elementor-spacer-inner\"><\/div>\n\t\t<\/div>\n\t\t\t\t\t\t<\/div>\n\t\t\t\t<\/div>\n\t\t\t\t<\/div>\n\t\t\t\t<\/div>\n\t\t\t\t<\/div>\n","protected":false},"excerpt":{"rendered":"<p>Tal\u00e1lkoz\u00f3k \u00e9s \u00fcnnepek Konferenci\u00e1k \u00e9s tal\u00e1lkoz\u00f3k A konferenci\u00e1k tervez\u00e9s\u00e9t\u0151l \u00e9s lebonyol\u00edt\u00e1s\u00e1t\u00f3l a sz\u00e1ll\u00e1sig \u00e9s a k\u00fcl\u00f6nf\u00e9le \u00e9tel- \u00e9s italv\u00e1laszt\u00e9kig, a Verdi Santar\u00e9m elk\u00f6telezett csapata minden r\u00e9szletben a kiv\u00e1l\u00f3s\u00e1gra t\u00f6rekszik. Sokoldal\u00fa \u00e9s vil\u00e1gos t\u00e1rgyal\u00f3ink k\u00e9nyelmesen alkalmazkodnak minden ig\u00e9nyhez, a kis l\u00e9tsz\u00e1m\u00fa priv\u00e1t t\u00e1rgyal\u00e1sokt\u00f3l az ak\u00e1r 250 f\u0151s konferenci\u00e1kig. Olyan csomagokat \u00e1ll\u00edtunk \u00f6ssze, amelyek minden ig\u00e9nyt kiel\u00e9g\u00edtenek,&hellip;<\/p>\n","protected":false},"author":6,"featured_media":0,"parent":999,"menu_order":3,"comment_status":"closed","ping_status":"closed","template":"","meta":{"_acf_changed":false,"footnotes":""},"class_list":["post-1005","page","type-page","status-publish","hentry"],"yoast_head":"<!-- This site is optimized with the Yoast SEO plugin v27.5 - https:\/\/yoast.com\/product\/yoast-seo-wordpress\/ -->\n<title>Konferenci\u00e1k \u00e9s tal\u00e1lkoz\u00f3k\u00a0 - Verdi Santar\u00e9m<\/title>\n<meta name=\"description\" content=\"Elevate your business events with exceptional facilities and services at Verdi Gzira Promenade.\" \/>\n<meta name=\"robots\" content=\"index, follow, max-snippet:-1, max-image-preview:large, max-video-preview:-1\" \/>\n<link rel=\"canonical\" href=\"https:\/\/verdihotels.com\/santarem\/hu\/talalkozok-es-unnepek\/konferenciak-es-talalkozok\/\" \/>\n<meta property=\"og:locale\" content=\"en_US\" \/>\n<meta property=\"og:type\" content=\"article\" \/>\n<meta property=\"og:title\" content=\"Konferenci\u00e1k \u00e9s tal\u00e1lkoz\u00f3k\u00a0 - Verdi Santar\u00e9m\" \/>\n<meta property=\"og:description\" content=\"Elevate your business events with exceptional facilities and services at Verdi Gzira Promenade.\" \/>\n<meta property=\"og:url\" content=\"https:\/\/verdihotels.com\/santarem\/hu\/talalkozok-es-unnepek\/konferenciak-es-talalkozok\/\" \/>\n<meta property=\"og:site_name\" content=\"Verdi Santar\u00e9m\" \/>\n<meta property=\"article:publisher\" content=\"https:\/\/www.facebook.com\/VerdiHotels\" \/>\n<meta property=\"article:modified_time\" content=\"2025-10-14T06:39:43+00:00\" \/>\n<meta name=\"twitter:card\" content=\"summary_large_image\" \/>\n<meta name=\"twitter:label1\" content=\"Est. reading time\" \/>\n\t<meta name=\"twitter:data1\" content=\"1 minute\" \/>\n<script type=\"application\/ld+json\" class=\"yoast-schema-graph\">{\"@context\":\"https:\\\/\\\/schema.org\",\"@graph\":[{\"@type\":\"WebPage\",\"@id\":\"https:\\\/\\\/verdihotels.com\\\/santarem\\\/hu\\\/talalkozok-es-unnepek\\\/konferenciak-es-talalkozok\\\/\",\"url\":\"https:\\\/\\\/verdihotels.com\\\/santarem\\\/hu\\\/talalkozok-es-unnepek\\\/konferenciak-es-talalkozok\\\/\",\"name\":\"Konferenci\u00e1k \u00e9s tal\u00e1lkoz\u00f3k\u00a0 - Verdi Santar\u00e9m\",\"description\":\"Elevate your business events with exceptional facilities and services at Verdi Gzira Promenade.\",\"potentialAction\":[{\"@type\":\"ReadAction\",\"target\":[\"https:\\\/\\\/verdihotels.com\\\/santarem\\\/hu\\\/talalkozok-es-unnepek\\\/konferenciak-es-talalkozok\\\/\"]}]},{\"@type\":\"BreadcrumbList\",\"@id\":\"https:\\\/\\\/verdihotels.com\\\/santarem\\\/hu\\\/talalkozok-es-unnepek\\\/konferenciak-es-talalkozok\\\/#breadcrumb\",\"itemListElement\":[{\"@type\":\"ListItem\",\"position\":1,\"name\":\"Home\",\"item\":\"https:\\\/\\\/verdihotels.com\\\/santarem\\\/\"},{\"@type\":\"ListItem\",\"position\":2,\"name\":\"Tal\u00e1lkoz\u00f3k \u00e9s \u00fcnnepek\u00a0\",\"item\":\"https:\\\/\\\/verdihotels.com\\\/santarem\\\/hu\\\/talalkozok-es-unnepek\\\/\"},{\"@type\":\"ListItem\",\"position\":3,\"name\":\"Konferenci\u00e1k \u00e9s tal\u00e1lkoz\u00f3k\u00a0\"}]},{\"@type\":\"WebSite\",\"@id\":\"https:\\\/\\\/verdihotels.com\\\/santarem\\\/#website\",\"url\":\"https:\\\/\\\/verdihotels.com\\\/santarem\\\/\",\"name\":\"Verdi Gzira Waterfront\",\"description\":\"travelling the way it&#039;s meant to be\",\"publisher\":{\"@id\":\"https:\\\/\\\/verdihotels.com\\\/santarem\\\/#organization\"},\"potentialAction\":[{\"@type\":\"SearchAction\",\"target\":{\"@type\":\"EntryPoint\",\"urlTemplate\":\"https:\\\/\\\/verdihotels.com\\\/santarem\\\/?s={search_term_string}\"},\"query-input\":{\"@type\":\"PropertyValueSpecification\",\"valueRequired\":true,\"valueName\":\"search_term_string\"}}],\"inLanguage\":\"en-US\"},{\"@type\":\"Organization\",\"@id\":\"https:\\\/\\\/verdihotels.com\\\/santarem\\\/#organization\",\"name\":\"Verdi Gzira Waterfront\",\"url\":\"https:\\\/\\\/verdihotels.com\\\/santarem\\\/\",\"logo\":{\"@type\":\"ImageObject\",\"inLanguage\":\"en-US\",\"@id\":\"https:\\\/\\\/verdihotels.com\\\/santarem\\\/#\\\/schema\\\/logo\\\/image\\\/\",\"url\":\"https:\\\/\\\/verdihotels.com\\\/wp-content\\\/uploads\\\/sites\\\/7\\\/2023\\\/05\\\/Verdi-Hotels-Logo-RGB@2x.png\",\"contentUrl\":\"https:\\\/\\\/verdihotels.com\\\/wp-content\\\/uploads\\\/sites\\\/7\\\/2023\\\/05\\\/Verdi-Hotels-Logo-RGB@2x.png\",\"width\":1224,\"height\":576,\"caption\":\"Verdi Gzira Waterfront\"},\"image\":{\"@id\":\"https:\\\/\\\/verdihotels.com\\\/santarem\\\/#\\\/schema\\\/logo\\\/image\\\/\"},\"sameAs\":[\"https:\\\/\\\/www.facebook.com\\\/VerdiHotels\",\"https:\\\/\\\/www.tiktok.com\\\/@verdi_hotels\",\"https:\\\/\\\/www.instagram.com\\\/verdi_hotels\"]}]}<\/script>\n<!-- \/ Yoast SEO plugin. -->","yoast_head_json":{"title":"Konferenci\u00e1k \u00e9s tal\u00e1lkoz\u00f3k\u00a0 - Verdi Santar\u00e9m","description":"Elevate your business events with exceptional facilities and services at Verdi Gzira Promenade.","robots":{"index":"index","follow":"follow","max-snippet":"max-snippet:-1","max-image-preview":"max-image-preview:large","max-video-preview":"max-video-preview:-1"},"canonical":"https:\/\/verdihotels.com\/santarem\/hu\/talalkozok-es-unnepek\/konferenciak-es-talalkozok\/","og_locale":"en_US","og_type":"article","og_title":"Konferenci\u00e1k \u00e9s tal\u00e1lkoz\u00f3k\u00a0 - Verdi Santar\u00e9m","og_description":"Elevate your business events with exceptional facilities and services at Verdi Gzira Promenade.","og_url":"https:\/\/verdihotels.com\/santarem\/hu\/talalkozok-es-unnepek\/konferenciak-es-talalkozok\/","og_site_name":"Verdi Santar\u00e9m","article_publisher":"https:\/\/www.facebook.com\/VerdiHotels","article_modified_time":"2025-10-14T06:39:43+00:00","twitter_card":"summary_large_image","twitter_misc":{"Est. reading time":"1 minute"},"schema":{"@context":"https:\/\/schema.org","@graph":[{"@type":"WebPage","@id":"https:\/\/verdihotels.com\/santarem\/hu\/talalkozok-es-unnepek\/konferenciak-es-talalkozok\/","url":"https:\/\/verdihotels.com\/santarem\/hu\/talalkozok-es-unnepek\/konferenciak-es-talalkozok\/","name":"Konferenci\u00e1k \u00e9s tal\u00e1lkoz\u00f3k\u00a0 - Verdi Santar\u00e9m","description":"Elevate your business events with exceptional facilities and services at Verdi Gzira Promenade.","potentialAction":[{"@type":"ReadAction","target":["https:\/\/verdihotels.com\/santarem\/hu\/talalkozok-es-unnepek\/konferenciak-es-talalkozok\/"]}]},{"@type":"BreadcrumbList","@id":"https:\/\/verdihotels.com\/santarem\/hu\/talalkozok-es-unnepek\/konferenciak-es-talalkozok\/#breadcrumb","itemListElement":[{"@type":"ListItem","position":1,"name":"Home","item":"https:\/\/verdihotels.com\/santarem\/"},{"@type":"ListItem","position":2,"name":"Tal\u00e1lkoz\u00f3k \u00e9s \u00fcnnepek\u00a0","item":"https:\/\/verdihotels.com\/santarem\/hu\/talalkozok-es-unnepek\/"},{"@type":"ListItem","position":3,"name":"Konferenci\u00e1k \u00e9s tal\u00e1lkoz\u00f3k\u00a0"}]},{"@type":"WebSite","@id":"https:\/\/verdihotels.com\/santarem\/#website","url":"https:\/\/verdihotels.com\/santarem\/","name":"Verdi Gzira Waterfront","description":"travelling the way it&#039;s meant to be","publisher":{"@id":"https:\/\/verdihotels.com\/santarem\/#organization"},"potentialAction":[{"@type":"SearchAction","target":{"@type":"EntryPoint","urlTemplate":"https:\/\/verdihotels.com\/santarem\/?s={search_term_string}"},"query-input":{"@type":"PropertyValueSpecification","valueRequired":true,"valueName":"search_term_string"}}],"inLanguage":"en-US"},{"@type":"Organization","@id":"https:\/\/verdihotels.com\/santarem\/#organization","name":"Verdi Gzira Waterfront","url":"https:\/\/verdihotels.com\/santarem\/","logo":{"@type":"ImageObject","inLanguage":"en-US","@id":"https:\/\/verdihotels.com\/santarem\/#\/schema\/logo\/image\/","url":"https:\/\/verdihotels.com\/wp-content\/uploads\/sites\/7\/2023\/05\/Verdi-Hotels-Logo-RGB@2x.png","contentUrl":"https:\/\/verdihotels.com\/wp-content\/uploads\/sites\/7\/2023\/05\/Verdi-Hotels-Logo-RGB@2x.png","width":1224,"height":576,"caption":"Verdi Gzira Waterfront"},"image":{"@id":"https:\/\/verdihotels.com\/santarem\/#\/schema\/logo\/image\/"},"sameAs":["https:\/\/www.facebook.com\/VerdiHotels","https:\/\/www.tiktok.com\/@verdi_hotels","https:\/\/www.instagram.com\/verdi_hotels"]}]}},"acf":[],"lang":"hu","translations":{"hu":1005,"en":903,"de":1006,"fr":1007,"pt":1008,"cs":1009},"pll_sync_post":{},"_links":{"self":[{"href":"https:\/\/verdihotels.com\/santarem\/wp-json\/wp\/v2\/pages\/1005","targetHints":{"allow":["GET"]}}],"collection":[{"href":"https:\/\/verdihotels.com\/santarem\/wp-json\/wp\/v2\/pages"}],"about":[{"href":"https:\/\/verdihotels.com\/santarem\/wp-json\/wp\/v2\/types\/page"}],"author":[{"embeddable":true,"href":"https:\/\/verdihotels.com\/santarem\/wp-json\/wp\/v2\/users\/6"}],"replies":[{"embeddable":true,"href":"https:\/\/verdihotels.com\/santarem\/wp-json\/wp\/v2\/comments?post=1005"}],"version-history":[{"count":0,"href":"https:\/\/verdihotels.com\/santarem\/wp-json\/wp\/v2\/pages\/1005\/revisions"}],"up":[{"embeddable":true,"href":"https:\/\/verdihotels.com\/santarem\/wp-json\/wp\/v2\/pages\/999"}],"wp:attachment":[{"href":"https:\/\/verdihotels.com\/santarem\/wp-json\/wp\/v2\/media?parent=1005"}],"curies":[{"name":"wp","href":"https:\/\/api.w.org\/{rel}","templated":true}]}}